{"id":22396,"date":"2022-03-19T16:51:49","date_gmt":"2022-03-19T16:51:49","guid":{"rendered":"https:\/\/irenebernad.com\/?page_id=22396"},"modified":"2023-06-05T11:38:41","modified_gmt":"2023-06-05T11:38:41","slug":"sobremi","status":"publish","type":"page","link":"https:\/\/irenebernad.com\/index.php\/sobremi\/","title":{"rendered":"SOBRE M\u00ed"},"content":{"rendered":"<section data-vc-full-width=\"true\" data-vc-full-width-init=\"false\" data-vc-stretch-content=\"true\" data-parallax-background-ratio=\"0.5\" class=\"vc_row wpb_row vc_row-fluid  vc_custom_1647795493842 vc_row-has-fill pofo-stretch-content vc_row-no-padding vc_row-o-content-middle vc_row-flex parallax pofo-row-responsive-69f58b758eaf7\"><div class=\"wpb_column vc_column_container vc_col-lg-7 vc_col-md-7 vc_hidden-sm col-xs-mobile-fullwidth\"><div class=\"vc_column-inner \"><div class=\"wpb_wrapper\">[vc_single_image image=\u00bb22431&#8243; img_size=\u00bbfull\u00bb alignment=\u00bbcenter\u00bb css=\u00bb.vc_custom_1647720740812{margin-right: 10px !important;}\u00bb]<\/div><\/div><\/div><div class=\"wpb_column vc_column_container vc_col-has-fill vc_col-sm-12 vc_col-lg-5 vc_col-md-5 col-xs-mobile-fullwidth\"><div class=\"vc_column-inner vc_custom_1507623881185\"><div class=\"wpb_wrapper\"><div class=\"vc_row wpb_row vc_inner vc_row-fluid box-shadow-light vc_custom_1509774539727 pofo-inner-row-responsive-69f58b758ed93\"><div class=\"wpb_column vc_column_container vc_col-sm-12  col-xs-mobile-fullwidth\"><div class=\"vc_column-inner \"><div class=\"wpb_wrapper\"><div class=\"last-paragraph-no-margin\"><div class=\"fa fa-quote-left text-deep-pink icon-large margin-15px-bottom\"><\/div>\n<\/div><h5 class=\"font-weight-500 text-uppercase d-inline-block text-small alt-font heading-style6  vc_custom_1685965119096 pofo-button-responsive-69f58b758f044  heading-1\"  style=\"font-weight: 500;\"><span class=\"text-outside-line-left\">Soy una valenciana, que un d\u00eda consigui\u00f3 fusionar su pasi\u00f3n por la fotograf\u00eda, la m\u00fasica y los viajes y vivir de ello.<\/span><\/h5><ul class=\"list-style-9 margin-twelve-left text-extra-dark-gray list-style7-1 \" style=\"color: #6f6f6f;\"><li><span class=\"width-30 xs-width-100 display-inline-block\">Nombre:<\/span>Irene Bernad<\/li><li><span class=\"width-30 xs-width-100 display-inline-block\">Email:<\/span>info@irenebernad.com<\/li><li><span class=\"width-30 xs-width-100 display-inline-block\">Tel\u00e9fono:<\/span>+34 657270781<\/li><li><span class=\"width-30 xs-width-100 display-inline-block\">Fecha Nacimiento:<\/span>15 Febrero 1979<\/li><\/ul><\/div><\/div><\/div><\/div><\/div><\/div><\/div><\/section><div class=\"vc_row-full-width vc_clearfix\"><\/div><section class=\"vc_row wpb_row vc_row-fluid  vc_custom_1647731999168\"><div class=\"wpb_column vc_column_container vc_col-sm-12  col-xs-mobile-fullwidth\"><div class=\"vc_column-inner \"><div class=\"wpb_wrapper\">[vc_separator]<span class=\"text-extra-dark-gray margin-20px-bottom font-weight-600 bg-position-center-center display-inline-block alt-font heading-style2  vc_custom_1647732054825  heading-2\" >'Contrastes fuertes, luces, sombras, ausencia de color. A veces, es lo que necesito para expresar con la mirada lo que captan mis o\u00eddos'<\/span>[vc_separator]<\/div><\/div><\/div><\/section><section class=\"vc_row wpb_row vc_row-fluid  vc_custom_1647725607370 vc_row-has-fill vc_row-o-content-middle vc_row-flex\"><div class=\"wpb_column vc_column_container vc_col-has-fill vc_col-sm-12  col-xs-mobile-fullwidth text-center md-text-center sm-text-center xs-text-center\"><div class=\"vc_column-inner bg-position-center-center vc_custom_1647725518060\"><div class=\"wpb_wrapper\"><div class=\"last-paragraph-no-margin bg-position-center-center\"><p>RECONOCIMIENTOS<\/p>\n<\/div><\/div><\/div><\/div><\/section><section class=\"vc_row wpb_row vc_row-fluid   wow fadeIn vc_row-o-equal-height vc_row-o-content-middle vc_row-flex\"><div class=\"wpb_column vc_column_container vc_col-sm-6 vc_col-md-4 vc_col-xs-12 wow fadeInUp text-center pofo-column-responsive-69f58b758f65c\"><div class=\"vc_column-inner vc_custom_1509774794847\"><div class=\"wpb_wrapper\"><div class=\"featurebox8 pofo-featurebox  vc_custom_1647722599807 position-relative overflow-hidden z-index-5 padding-twelve-all md-padding-six-all xs-padding-15px-lr featurebox8-1\" ><div class=\"display-inline-block\"><i class=\"link-icon fas fa-star icon-extra-medium text-deep-pink  margin-20px-bottom\" style=\"\"><\/i><\/div><div class=\"alt-font text-extra-dark-gray font-weight-600 margin-10px-bottom sm-margin-5px-bottom\">PREMIOS MIN 2017<\/div><div class=\"center-col last-paragraph-no-margin width-80 xs-width-100\"><p>Nominada en los Premios de la M\u00fasica Independiente, dentro de la categor\u00eda de Mejor Fotograf\u00eda Promocional, con &#8216;LA GOSSA SORDA&#8217;.<\/p>\n<\/div><\/div><\/div><\/div><\/div><div class=\"wpb_column vc_column_container vc_col-sm-6 vc_col-md-4 vc_col-xs-12 wow fadeInUp text-center pofo-column-responsive-69f58b758f919\" data-wow-delay= 200ms><div class=\"vc_column-inner vc_custom_1509774801844\"><div class=\"wpb_wrapper\"><div class=\"featurebox8 pofo-featurebox  vc_custom_1647722808604 position-relative overflow-hidden z-index-5 padding-twelve-all md-padding-six-all xs-padding-15px-lr featurebox8-2\" ><div class=\"display-inline-block\"><i class=\"link-icon far fa-star icon-extra-medium text-deep-pink  margin-20px-bottom\" style=\"\"><\/i><\/div><div class=\"alt-font text-extra-dark-gray font-weight-600 margin-10px-bottom sm-margin-5px-bottom\">PREMIOS MIN 2016<\/div><div class=\"center-col last-paragraph-no-margin width-80 xs-width-100\"><p>Nominada en los Premios de la M\u00fasica Independiente, dentro de la categor\u00eda de Mejor Fotograf\u00eda Promocional, con &#8216;HAMLET&#8217;.<\/p>\n<\/div><\/div><\/div><\/div><\/div><div class=\"wpb_column vc_column_container vc_col-sm-6 vc_col-md-4 vc_col-xs-12 wow fadeInUp text-center pofo-column-responsive-69f58b758faab\" data-wow-delay= 400ms><div class=\"vc_column-inner vc_custom_1509774809348\"><div class=\"wpb_wrapper\"><div class=\"featurebox8 pofo-featurebox  vc_custom_1647722794866 position-relative overflow-hidden z-index-5 padding-twelve-all md-padding-six-all xs-padding-15px-lr featurebox8-3\" ><div class=\"display-inline-block\"><i class=\"link-icon fas fa-star icon-extra-medium text-deep-pink  margin-20px-bottom\" style=\"\"><\/i><\/div><div class=\"alt-font text-extra-dark-gray font-weight-600 margin-10px-bottom sm-margin-5px-bottom\">Copenhagen Photo Festival 2016<\/div><div class=\"center-col last-paragraph-no-margin width-80 xs-width-100\"><p>Seleccionada para formar parte de la Exposici\u00f3n colectiva &#8216;Picture The Music&#8217; de ese a\u00f1o.<\/p>\n<\/div><\/div><\/div><\/div><\/div><div class=\"wpb_column vc_column_container vc_col-sm-6 vc_col-md-4 vc_col-xs-12 wow fadeInUp text-center pofo-column-responsive-69f58b758fc2d\"><div class=\"vc_column-inner \"><div class=\"wpb_wrapper\"><div class=\"featurebox8 pofo-featurebox  vc_custom_1647722884505 position-relative overflow-hidden z-index-5 padding-twelve-all md-padding-six-all xs-padding-15px-lr featurebox8-4\" ><div class=\"display-inline-block\"><i class=\"link-icon far fa-star icon-extra-medium text-deep-pink  margin-20px-bottom\" style=\"\"><\/i><\/div><div class=\"alt-font text-extra-dark-gray font-weight-600 margin-10px-bottom sm-margin-5px-bottom\">Copenhagen Photo Festival 2015<\/div><div class=\"center-col last-paragraph-no-margin width-80 xs-width-100\"><p>Seleccionada para formar parte de la Exposici\u00f3n colectiva &#8216;Picture The Music&#8217; de ese a\u00f1o.<\/p>\n<\/div><\/div><\/div><\/div><\/div><div class=\"wpb_column vc_column_container vc_col-sm-6 vc_col-md-4 vc_col-xs-12 wow fadeInUp text-center pofo-column-responsive-69f58b758fd8e\" data-wow-delay= 200ms><div class=\"vc_column-inner \"><div class=\"wpb_wrapper\"><\/div><\/div><\/div><div class=\"wpb_column vc_column_container vc_col-sm-6 vc_col-md-4 vc_col-xs-12 wow fadeInUp text-center\" data-wow-delay= 400ms><div class=\"vc_column-inner \"><div class=\"wpb_wrapper\"><div class=\"featurebox8 pofo-featurebox  vc_custom_1647723142367 position-relative overflow-hidden z-index-5 padding-twelve-all md-padding-six-all xs-padding-15px-lr featurebox8-5\" ><div class=\"display-inline-block\"><i class=\"link-icon far fa-star icon-extra-medium text-deep-pink  margin-20px-bottom\" style=\"\"><\/i><\/div><div class=\"alt-font text-extra-dark-gray font-weight-600 margin-10px-bottom sm-margin-5px-bottom\">PhotOn Festival 2014<\/div><div class=\"center-col last-paragraph-no-margin width-80 xs-width-100\"><p>Finalista de la 4a edici\u00f3n de la Beca del Festival Internacional de Fotoperiodismo PhotOn, con el proyecto &#8216;Rock, Booze &amp; Tattoos&#8217; con la banda Jolly Joker.<\/p>\n<\/div><\/div><\/div><\/div><\/div><\/section><section class=\"vc_row wpb_row vc_row-fluid  vc_custom_1647725974811 vc_row-has-fill vc_row-o-content-middle vc_row-flex\"><div class=\"wpb_column vc_column_container vc_col-has-fill vc_col-sm-12  col-xs-mobile-fullwidth text-center md-text-center sm-text-center xs-text-center\"><div class=\"vc_column-inner bg-position-center-center vc_custom_1647725518060\"><div class=\"wpb_wrapper\"><div class=\"last-paragraph-no-margin bg-position-center-center\"><p>EXPOSICIONES<\/p>\n<\/div><\/div><\/div><\/div><\/section><section data-vc-full-width=\"true\" data-vc-full-width-init=\"false\" data-vc-stretch-content=\"true\" class=\"vc_row wpb_row vc_row-fluid  vc_custom_1507627643294 wow fadeIn pofo-stretch-content vc_row-no-padding vc_row-o-equal-height vc_row-flex\"><div class=\"wpb_column vc_column_container vc_col-has-fill vc_col-sm-6 vc_col-md-3 col-xs-mobile-fullwidth wow fadeInRight text-center\"><div class=\"vc_column-inner vc_custom_1510214510989\"><div class=\"wpb_wrapper\"><div class=\"featurebox14 pofo-featurebox pofo-feature-box-responsive-69f58b7590249 feature-box-14 padding-fifteen-all sm-padding-50px-all xs-padding-30px-all featurebox14-1\"><h2 class=\"text-light-gray alt-font letter-spacing-minus-3 margin-10px-bottom\" style=\"\">2017<\/h2><span class=\"display-block alt-font text-medium text-extra-dark-gray margin-10px-bottom xs-margin-5px-bottom\" style=\"font-size: 18px; line-height: 26px;\" data-fontsize=\"18px\" data-lineheight=\"26px\">Three Songs, No Flash<\/span><div class=\"last-paragraph-no-margin\"><p>Exposici\u00f3n retrospectiva, 13 a\u00f1os fotografiando conciertos en la sede de Alumbre Colectivo Fotogr\u00e1fico (Ciudad Real)<\/p>\n<\/div><\/div><\/div><\/div><\/div><div class=\"wpb_column vc_column_container vc_col-has-fill vc_col-sm-6 vc_col-md-3 col-xs-mobile-fullwidth wow fadeInRight text-center\" data-wow-delay= 200ms><div class=\"vc_column-inner vc_custom_1510214535061\"><div class=\"wpb_wrapper\"><div class=\"featurebox14 pofo-featurebox pofo-feature-box-responsive-69f58b7590434 feature-box-14 padding-fifteen-all sm-padding-50px-all xs-padding-30px-all featurebox14-2\"><h2 class=\"text-light-gray alt-font letter-spacing-minus-3 margin-10px-bottom\" style=\"\">2016<\/h2><span class=\"display-block alt-font text-medium text-extra-dark-gray margin-10px-bottom xs-margin-5px-bottom\" style=\"font-size: 18px; line-height: 26px;\" data-fontsize=\"18px\" data-lineheight=\"26px\">En Otro Lugar<\/span><div class=\"last-paragraph-no-margin\"><p>Diez a\u00f1os descubriendo el mundo, formato exposici\u00f3n en El Patio de Ruzafa (Valencia)<\/p>\n<\/div><\/div><\/div><\/div><\/div><div class=\"wpb_column vc_column_container vc_col-has-fill vc_col-sm-6 vc_col-md-3 col-xs-mobile-fullwidth wow fadeInRight text-center\" data-wow-delay= 400ms><div class=\"vc_column-inner vc_custom_1510214566987\"><div class=\"wpb_wrapper\"><div class=\"featurebox14 pofo-featurebox pofo-feature-box-responsive-69f58b75905d4 feature-box-14 padding-fifteen-all sm-padding-50px-all xs-padding-30px-all featurebox14-3\"><h2 class=\"text-light-gray alt-font letter-spacing-minus-3 margin-10px-bottom\" style=\"\">2013<\/h2><span class=\"display-block alt-font text-medium text-extra-dark-gray margin-10px-bottom xs-margin-5px-bottom\" style=\"font-size: 18px; line-height: 26px;\" data-fontsize=\"18px\" data-lineheight=\"26px\">Live Music<\/span><div class=\"last-paragraph-no-margin\"><p>Fiesta del 2\u00ba Aniversario de la Sala Rock City, con una exposici\u00f3n de los conciertos realizados all\u00ed durante ese tiempo (Valencia)<\/p>\n<\/div><\/div><\/div><\/div><\/div><div class=\"wpb_column vc_column_container vc_col-sm-6 vc_col-md-3 col-xs-mobile-fullwidth wow fadeInRight text-center\" data-wow-delay= 600ms><div class=\"vc_column-inner \"><div class=\"wpb_wrapper\"><div class=\"featurebox14 pofo-featurebox feature-box-14 padding-fifteen-all sm-padding-50px-all xs-padding-30px-all featurebox14-4\"><h2 class=\"text-light-gray alt-font letter-spacing-minus-3 margin-10px-bottom\" style=\"\">2008<\/h2><span class=\"display-block alt-font text-medium text-extra-dark-gray margin-10px-bottom xs-margin-5px-bottom\" style=\"font-size: 18px; line-height: 26px;\" data-fontsize=\"18px\" data-lineheight=\"26px\">15 a\u00f1os de ense\u00f1anza, 15 proyectos fotogr\u00e1ficos<\/span><div class=\"last-paragraph-no-margin\"><p>Exposici\u00f3n colectiva conmemorando los 15 a\u00f1os de la Escuela d&#8217;Art i Superior de Disseny de Val\u00e8ncia (EASD), seleccionando los 15 proyectos finales de curso m\u00e1s significativos.<\/p>\n<\/div><\/div><\/div><\/div><\/div><\/section><div class=\"vc_row-full-width vc_clearfix\"><\/div><section class=\"vc_row wpb_row vc_row-fluid\"><div class=\"wpb_column vc_column_container vc_col-sm-12  col-xs-mobile-fullwidth\"><div class=\"vc_column-inner \"><div class=\"wpb_wrapper\"><div class=\"last-paragraph-no-margin\"><h4>BIO<\/h4>\n<p>Fot\u00f3grafa profesional, afincada en Valencia, titulada como T\u00e9cnico Superior en Fotograf\u00eda Art\u00edstica (2002-2005) por la Escuela de Dise\u00f1o de Valencia (EASD), y Diplomada por la Universidad de Valencia en la Especializaci\u00f3n Profesional Universitaria en Fotograf\u00eda Digital y Tratamiento de la Imagen (2011).<\/p>\n<p>Especializada en Fotograf\u00eda Musical, sus im\u00e1genes han sido publicadas en revistas como RockZone, MondoSonoro, Rock Estatal o Ruta66. Ha trabajado, tanto en directo como en sesiones de estudio, con bandas nacionales e internacionales, ilustrando portadas de discos y artworks completos; y cubierto eventos, conciertos y festivales para discogr\u00e1ficas y\/o promotoras. Siempre ligada al mundo de la m\u00fasica, trabaj\u00f3 durante 2 a\u00f1os en Maldito Records, discogr\u00e1fica referente de la industria musical nacional, y en distintos festivales como Vi\u00f1aRock (Albacete), MetalWay (Gernika) LoveToRock (Valencia) o Festival de les Arts (Valencia).<\/p>\n<p>Finalista en la 4\u00aa edici\u00f3n del festival de fotoperiodismo \u201cPhotOn Festival\u201d (Valencia) en el a\u00f1o 2014, con un trabajo documental sobre una banda de rock de Valencia; particip\u00f3 durante dos ediciones consecutivas en el proyecto colectivo expositivo \u201cPicture The Music\u201d, dentro del Copenhagen Photo Festival (Dinamarca), en los a\u00f1os 2015 y 2016, culminando con la publicaci\u00f3n de un libro ilustrativo con todas las im\u00e1genes de los 3 a\u00f1os que dur\u00f3 el proyecto; y seleccionada en los Premios de la M\u00fasica Independiente en el 2016 y 2017, en la Categor\u00eda de Fotograf\u00eda Promocional.<\/p>\n<p>Con varias exposiciones individuales y colectivas a sus espaldas, y experiencia en docencia en cursos de fotograf\u00eda y tratamiento de la imagen, actualmente trabaja como fot\u00f3grafa freelance.<\/p>\n<\/div><\/div><\/div><\/div><\/section><section data-vc-full-width=\"true\" data-vc-full-width-init=\"false\" data-parallax-background-ratio=\"0.5\" class=\"vc_row wpb_row vc_row-fluid  vc_custom_1647795563120 wow fadeIn vc_row-has-fill pofo-stretch-content pofo-stretch-row-container parallax\"><div class=\"bg-extra-dark-gray bg-overlay\" style=\"opacity:0.8; background-color:#dbdbdb; \"><\/div><div class=\"wpb_column vc_column_container vc_col-sm-12  col-xs-mobile-fullwidth text-center\"><div class=\"vc_column-inner \"><div class=\"wpb_wrapper\"><span class=\"text-extra-dark-gray margin-20px-bottom font-weight-600 display-inline-block alt-font text-uppercase heading-style2  vc_custom_1647720591652  heading-3\"  style=\"font-size: 16px; line-height: 23px; font-weight: 600;\" data-fontsize=\"16px\" data-lineheight=\"23px\">D\u00f3nde encontrarme<\/span><div  class=\"pofo-social-links social-icon-style-7 social-icon-1\"><ul class=\"large-icon\"><li><a class=\"facebook-f\" href=\"https:\/\/www.facebook.com\/irenebernad\/\" target=\"_blank\"><i class=\"fab fa-facebook-f\"><\/i><\/a><\/li><li><a class=\"linkedin-in\" href=\"https:\/\/www.linkedin.com\/in\/irene-bernad-792b1579\/\" target=\"_blank\"><i class=\"fab fa-linkedin-in\"><\/i><\/a><\/li><li><a class=\"instagram\" href=\"https:\/\/www.instagram.com\/irenebernad\/\" target=\"_blank\"><i class=\"fab fa-instagram\"><\/i><\/a><\/li><li><a class=\"envelope\" href=\"mailto:%20info@irenebernad.com\"><i class=\"fas fa-envelope\"><\/i><\/a><\/li><li><a class=\"skype\" href=\"https:\/\/join.skype.com\/invite\/Jd1vAU0kGLZC\"><i class=\"fab fa-skype\"><\/i><\/a><\/li><\/ul><\/div><\/div><\/div><\/div><\/section><div class=\"vc_row-full-width vc_clearfix\"><\/div>\n","protected":false},"excerpt":{"rendered":"[vc_single_image image=\"22431\" img_size=\"full\" alignment=\"center\" css=\".vc_custom_1647720740812{margin-right: 10px !important;}\"] Soy una valenciana, que un d\u00eda consigui\u00f3 fusionar su pasi\u00f3n por la fotograf\u00eda, la m\u00fasica y los viajes y vivir de ello.Nombre:Irene BernadEmail:info@irenebernad.comTel\u00e9fono:+34 657270781Fecha Nacimiento:15 Febrero 1979[vc_separator]'Contrastes fuertes, luces, sombras, ausencia de color. A veces, es lo que necesito para expresar con la mirada lo que captan mis o\u00eddos'[vc_separator]RECONOCIMIENTOS PREMIOS MIN 2017Nominada en los Premios de la M\u00fasica Independiente, dentro de la categor\u00eda de Mejor Fotograf\u00eda Promocional, con 'LA GOSSA SORDA'. PREMIOS MIN 2016Nominada en los Premios de la M\u00fasica Independiente, dentro de la categor\u00eda de Mejor Fotograf\u00eda Promocional, con 'HAMLET'. Copenhagen Photo Festival 2016Seleccionada para formar parte de la Exposici\u00f3n colectiva 'Picture The Music' de ese a\u00f1o. Copenhagen Photo Festival 2015Seleccionada para formar parte de la Exposici\u00f3n colectiva 'Picture The Music' de ese a\u00f1o. PhotOn Festival 2014Finalista de la 4a edici\u00f3n de la Beca del Festival Internacional de Fotoperiodismo PhotOn, con el proyecto 'Rock, Booze &amp; Tattoos' con la banda Jolly Joker. EXPOSICIONES 2017Three Songs, No FlashExposici\u00f3n retrospectiva, 13 a\u00f1os fotografiando conciertos en la sede de Alumbre Colectivo Fotogr\u00e1fico (Ciudad Real) 2016En Otro LugarDiez a\u00f1os descubriendo el mundo, formato exposici\u00f3n en El Patio de Ruzafa (Valencia) 2013Live MusicFiesta del 2\u00ba Aniversario de...","protected":false},"author":2,"featured_media":0,"parent":0,"menu_order":0,"comment_status":"closed","ping_status":"closed","template":"","meta":{"_monsterinsights_skip_tracking":false,"_monsterinsights_sitenote_active":false,"_monsterinsights_sitenote_note":"","_monsterinsights_sitenote_category":0,"footnotes":""},"class_list":["post-22396","page","type-page","status-publish","hentry"],"_links":{"self":[{"href":"https:\/\/irenebernad.com\/index.php\/wp-json\/wp\/v2\/pages\/22396","targetHints":{"allow":["GET"]}}],"collection":[{"href":"https:\/\/irenebernad.com\/index.php\/wp-json\/wp\/v2\/pages"}],"about":[{"href":"https:\/\/irenebernad.com\/index.php\/wp-json\/wp\/v2\/types\/page"}],"author":[{"embeddable":true,"href":"https:\/\/irenebernad.com\/index.php\/wp-json\/wp\/v2\/users\/2"}],"replies":[{"embeddable":true,"href":"https:\/\/irenebernad.com\/index.php\/wp-json\/wp\/v2\/comments?post=22396"}],"version-history":[{"count":72,"href":"https:\/\/irenebernad.com\/index.php\/wp-json\/wp\/v2\/pages\/22396\/revisions"}],"predecessor-version":[{"id":24514,"href":"https:\/\/irenebernad.com\/index.php\/wp-json\/wp\/v2\/pages\/22396\/revisions\/24514"}],"wp:attachment":[{"href":"https:\/\/irenebernad.com\/index.php\/wp-json\/wp\/v2\/media?parent=22396"}],"curies":[{"name":"wp","href":"https:\/\/api.w.org\/{rel}","templated":true}]}}